{"id":14,"date":"2019-08-20T17:10:02","date_gmt":"2019-08-20T15:10:02","guid":{"rendered":"https:\/\/altenpfleger-heide.de\/?page_id=14"},"modified":"2022-11-30T13:05:02","modified_gmt":"2022-11-30T12:05:02","slug":"home","status":"publish","type":"page","link":"https:\/\/altenpfleger-heide.de\/","title":{"rendered":"Home"},"content":{"rendered":"<div id='fullscreen_slider_1' class='avia-fullscreen-slider main_color   avia-builder-el-0  el_before_av_one_full  avia-builder-el-first   container_wrap fullsize' style=' '  ><a href='#next-section' title='' class='scroll-down-link av-control-minimal' aria-hidden='true' data-av_icon='\ue877' data-av_iconfont='entypo-fontello'><\/a><div  data-size='no scaling'  data-lightbox_size='large'  data-animation='fade'  data-conditional_play=''  data-ids='94,93,95'  data-video_counter='0'  data-autoplay='true'  data-bg_slider='true'  data-slide_height='100'  data-handle='av_fullscreen'  data-interval='5'  data-class=' '  data-css_id='fullscreen_slider_1'  data-scroll_down='aviaTBscroll_down'  data-control_layout='av-control-minimal'  data-custom_markup=''  data-perma_caption=''  data-autoplay_stopper=''  data-image_attachment='scroll'  data-min_height='0px'  data-stretch=''  class='avia-slideshow avia-slideshow-1 av-slider-scroll-down-active av-control-minimal av-default-height-applied avia-slideshow-no scaling av_fullscreen   avia-fade-slider '  itemprop=\"image\" itemscope=\"itemscope\" itemtype=\"https:\/\/schema.org\/ImageObject\" ><ul class='avia-slideshow-inner ' style='padding-bottom: 64.833333333333%;' ><li style='background-position:top left;' data-img-url='https:\/\/altenpfleger-heide.de\/wp-content\/uploads\/2019\/08\/altenpflege-heide-slider1.jpg' class=' slide-1 ' ><div data-rel='slideshow-1' class='avia-slide-wrap '   ><div class = \"caption_fullwidth av-slideshow-caption caption_bottom\"><div class = \"container caption_container\"><div class = \"slideshow_caption\"><div class = \"slideshow_inner_caption\"><div class = \"slideshow_align_caption\"><h2  class='avia-caption-title  '  itemprop=\"name\" >Wir bieten f\u00fcr jede Bed\u00fcrfnisse den richtigen Pflegeplatz<\/h2><\/div><\/div><\/div><\/div><\/div><\/div><\/li><li style='background-position:bottom right;' data-img-url='https:\/\/altenpfleger-heide.de\/wp-content\/uploads\/2019\/08\/altenpflege-heide-slider3.jpg' class=' slide-2 ' ><div data-rel='slideshow-1' class='avia-slide-wrap '   ><div class = \"caption_fullwidth av-slideshow-caption caption_right\"><div class = \"container caption_container\"><div class = \"slideshow_caption\"><div class = \"slideshow_inner_caption\"><div class = \"slideshow_align_caption\"><h2  class='avia-caption-title  '  itemprop=\"name\" >Mit Herz und Verstand gehen wir unseren Patienten zur Hand<\/h2><\/div><\/div><\/div><\/div><\/div><\/div><\/li><li style='background-position:center center;' data-img-url='https:\/\/altenpfleger-heide.de\/wp-content\/uploads\/2019\/08\/altenpflege-heide-slider2.jpg' class=' slide-3 ' ><div data-rel='slideshow-1' class='avia-slide-wrap '   ><div class = \"caption_fullwidth av-slideshow-caption caption_right\"><div class = \"container caption_container\"><div class = \"slideshow_caption\"><div class = \"slideshow_inner_caption\"><div class = \"slideshow_align_caption\"><h2  class='avia-caption-title  '  itemprop=\"name\" >Zuneigung kommt bei uns von Herzen<\/h2><\/div><\/div><\/div><\/div><\/div><\/div><\/li><\/ul><div class='avia-slideshow-arrows avia-slideshow-controls'><a href='#prev' class='prev-slide' aria-hidden='true' data-av_icon='\ue87c' data-av_iconfont='entypo-fontello'>Zur\u00fcck<\/a><a href='#next' class='next-slide' aria-hidden='true' data-av_icon='\ue87d' data-av_iconfont='entypo-fontello'>Weiter<\/a><\/div><div class='avia-slideshow-dots avia-slideshow-controls'><a href='#1' class='goto-slide active' >1<\/a><a href='#2' class='goto-slide ' >2<\/a><a href='#3' class='goto-slide ' >3<\/a><\/div><\/div><\/div><div id='after_full_slider_1' class='main_color av_default_container_wrap container_wrap fullsize' style=' '  ><div class='container' ><div class='template-page content  av-content-full alpha units'><div class='post-entry post-entry-type-page post-entry-14'><div class='entry-content-wrapper clearfix'>\n<div class=\"flex_column av_one_full  flex_column_div av-zero-column-padding first  avia-builder-el-1  el_after_av_fullscreen  el_before_av_one_fifth  avia-builder-el-first  \" style='border-radius:0px; '><p><div style=' margin-top:30px; margin-bottom:30px;'  class='hr hr-custom hr-center hr-icon-no   avia-builder-el-2  el_before_av_heading  avia-builder-el-first  '><span class='hr-inner   inner-border-av-border-none' style=' width:50px;' ><span class='hr-inner-style'><\/span><\/span><\/div><br \/>\n<div style='padding-bottom:10px; ' class='av-special-heading av-special-heading-h1  blockquote modern-quote modern-centered  avia-builder-el-3  el_after_av_hr  el_before_av_textblock   '><h1 class='av-special-heading-tag '  itemprop=\"headline\"  >Herzlich willkommen in unseren Pflegeeinrichtungen in der Heide<\/h1><div class='special-heading-border'><div class='special-heading-inner-border' ><\/div><\/div><\/div><br \/>\n<section class=\"av_textblock_section \"  itemscope=\"itemscope\" itemtype=\"https:\/\/schema.org\/CreativeWork\" ><div class='avia_textblock  '   itemprop=\"text\" ><p style=\"text-align: center;\">Unsere Einrichtungen sind das Alten- und Pflegeheim der &#8222;Tannenhof&#8220;, dem Seniorenzentrum &#8222;Wiesentrift&#8220; f\u00fcr demenziell erkrankte Menschen, der ambulante Pflegedienst die &#8222;Diakoniestation Schneverdingen-Neuenkirchen&#8220;, der ambulante Pflegedienst die &#8222;Diakoniestationen Nordheide&#8220; und das Altenheim &#8222;An den Eichen&#8220; in Seershausen.<\/p>\n<\/div><\/section><\/p><\/div>\n<div class=\"flex_column av_one_fifth  flex_column_div av-zero-column-padding first  avia-builder-el-5  el_after_av_one_full  el_before_av_three_fifth  column-top-margin\" style='border-radius:0px; '><\/div>\n<div class=\"flex_column av_three_fifth  flex_column_div av-zero-column-padding   avia-builder-el-6  el_after_av_one_fifth  el_before_av_hr  column-top-margin\" style='border-radius:0px; '><\/div>\n<div style=' margin-top:30px; margin-bottom:30px;'  class='hr hr-custom hr-center hr-icon-no   avia-builder-el-8  el_after_av_three_fifth  el_before_av_section  avia-builder-el-last  '><span class='hr-inner   inner-border-av-border-none' style=' width:50px;' ><span class='hr-inner-style'><\/span><\/span><\/div>\n<\/div><\/div><\/div><!-- close content main div --><\/div><\/div><div id='av_section_1' class='avia-section main_color avia-section-default avia-no-border-styling avia-bg-style-scroll  avia-builder-el-9  el_after_av_hr  el_before_av_section   container_wrap fullsize' style=' '  ><div class='container' ><div class='template-page content  av-content-full alpha units'><div class='post-entry post-entry-type-page post-entry-14'><div class='entry-content-wrapper clearfix'>\n<div class='flex_column_table av-equal-height-column-flextable -flextable' style='margin-top:60px; margin-bottom:60px; box-shadow: 0 0 10px 0 #cccccc; '><div class=\"flex_column av_one_third  flex_column_table_cell av-equal-height-column av-align-top first  avia-builder-el-10  el_before_av_one_third  avia-builder-el-first   \" style='background: #e1dbd4; -webkit-transform: scale(1.2); -ms-transform: scale(1.2); transform: scale(1.2); z-index: 4;padding:20px; background-color:#e1dbd4; border-radius:0px; '><p><div style='padding-bottom:10px; margin-top:20px; ' class='av-special-heading av-special-heading-h3  blockquote modern-quote modern-centered  avia-builder-el-11  el_before_av_hr  avia-builder-el-first   '><h3 class='av-special-heading-tag '  itemprop=\"headline\"  >Alten- und Pflegeheim<br \/>\n<span class='special_amp'>&#8222;<\/span>Tannenhof<span class='special_amp'>&#8220;<\/span><\/h3><div class='special-heading-border'><div class='special-heading-inner-border' ><\/div><\/div><\/div><br \/>\n<div style=' margin-top:5px; margin-bottom:20px;'  class='hr hr-custom hr-center hr-icon-yes   avia-builder-el-12  el_after_av_heading  el_before_av_image  '><span class='hr-inner   inner-border-av-border-thin' style=' width:100px; border-color:#951c80;' ><span class='hr-inner-style'><\/span><\/span><span class='av-seperator-icon'  aria-hidden='true' data-av_icon='\ue808' data-av_iconfont='entypo-fontello'><\/span><span class='hr-inner   inner-border-av-border-thin' style=' width:100px; border-color:#951c80;' ><span class='hr-inner-style'><\/span><\/span><\/div><br \/>\n<div class='avia-image-container  av-styling-    avia-builder-el-13  el_after_av_hr  el_before_av_textblock   avia-align-center '  itemprop=\"image\" itemscope=\"itemscope\" itemtype=\"https:\/\/schema.org\/ImageObject\"  ><div class='avia-image-container-inner'><div class='avia-image-overlay-wrap'><img class='avia_image' src='https:\/\/altenpfleger-heide.de\/wp-content\/uploads\/2019\/08\/altenpflege-tannenhof-300x200.jpg' alt='Alten- und Pflegeheim' title='altenpflege-tannenhof' height=\"200\" width=\"300\"  itemprop=\"thumbnailUrl\"  \/><\/div><\/div><\/div><br \/>\n<section class=\"av_textblock_section \"  itemscope=\"itemscope\" itemtype=\"https:\/\/schema.org\/CreativeWork\" ><div class='avia_textblock  '  style='font-size:14px; '  itemprop=\"text\" ><p style=\"text-align: center;\">Das Alten- &amp; Pflegeheim \u201eTannenhof\u201c bietet f\u00fcr alle Pflegegrade ein warmes und herzliches Zuhause mit vielen neuen und alten Freunden.<\/p>\n<p style=\"text-align: center;\"><strong>Alten- und Pflegeheim &#8222;Der Tannenhof&#8220;<\/strong><\/p>\n<p class=\"bodytext\" style=\"text-align: center;\">Nordstr. 12-14, 29640 Schneverdingen<\/p>\n<p class=\"bodytext\" style=\"text-align: center;\">Telefon: 0\u200651\u200693\u2006|\u200681 0<br \/>\nFax: 0\u200651\u200693\u2006|\u200681 333<br \/>\nE-Mail:\u00a0<a class=\"mail\" href=\"mailto:kontakt@der-tannenhof.de\">kontakt@der-tannenhof.de<\/a><\/p>\n<p style=\"text-align: center;\">Erfahre mehr \u00fcber unsere Einrichtung auf der Website<br \/>\n<a href=\"https:\/\/www.der-tannenhof.de\">www.der-tannenhof.de<\/a><\/p>\n<\/div><\/section><br \/>\n<div style=' margin-top:30px; margin-bottom:30px;'  class='hr hr-custom hr-center hr-icon-yes  av-desktop-hide av-medium-hide  avia-builder-el-15  el_after_av_textblock  avia-builder-el-last  '><span class='hr-inner   inner-border-av-border-thin' style=' width:100px; border-color:#951c80;' ><span class='hr-inner-style'><\/span><\/span><span class='av-seperator-icon'  aria-hidden='true' data-av_icon='\ue808' data-av_iconfont='entypo-fontello'><\/span><span class='hr-inner   inner-border-av-border-thin' style=' width:100px; border-color:#951c80;' ><span class='hr-inner-style'><\/span><\/span><\/div><\/p><\/div><div class='av-flex-placeholder'><\/div><div class=\"flex_column av_one_third  flex_column_table_cell av-equal-height-column av-align-top   avia-builder-el-16  el_after_av_one_third  el_before_av_one_third   \" style='background: #e1dbd4; -webkit-transform: scale(1.2); -ms-transform: scale(1.2); transform: scale(1.2); z-index: 4;padding:20px; background-color:#e1dbd4; border-radius:0px; '><p><div style='padding-bottom:10px; margin-top:20px; ' class='av-special-heading av-special-heading-h3  blockquote modern-quote modern-centered  avia-builder-el-17  el_before_av_hr  avia-builder-el-first   '><h3 class='av-special-heading-tag '  itemprop=\"headline\"  >Seniorenzentrum<br \/>\n<span class='special_amp'>&#8222;<\/span>Wiesentrift<span class='special_amp'>&#8220;<\/span><\/h3><div class='special-heading-border'><div class='special-heading-inner-border' ><\/div><\/div><\/div><br \/>\n<div style=' margin-top:5px; margin-bottom:20px;'  class='hr hr-custom hr-center hr-icon-yes   avia-builder-el-18  el_after_av_heading  el_before_av_image  '><span class='hr-inner   inner-border-av-border-thin' style=' width:100px; border-color:#951c80;' ><span class='hr-inner-style'><\/span><\/span><span class='av-seperator-icon'  aria-hidden='true' data-av_icon='\ue808' data-av_iconfont='entypo-fontello'><\/span><span class='hr-inner   inner-border-av-border-thin' style=' width:100px; border-color:#951c80;' ><span class='hr-inner-style'><\/span><\/span><\/div><br \/>\n<div class='avia-image-container  av-styling-    avia-builder-el-19  el_after_av_hr  el_before_av_textblock   avia-align-center '  itemprop=\"image\" itemscope=\"itemscope\" itemtype=\"https:\/\/schema.org\/ImageObject\"  ><div class='avia-image-container-inner'><div class='avia-image-overlay-wrap'><img class='avia_image' src='https:\/\/altenpfleger-heide.de\/wp-content\/uploads\/2019\/08\/altenpflege-wiesentrift-300x200.jpg' alt='Hausgemeinschaften Wiesentrift' title='altenpflege-wiesentrift' height=\"200\" width=\"300\"  itemprop=\"thumbnailUrl\"  \/><\/div><\/div><\/div><br \/>\n<section class=\"av_textblock_section \"  itemscope=\"itemscope\" itemtype=\"https:\/\/schema.org\/CreativeWork\" ><div class='avia_textblock  '  style='font-size:14px; '  itemprop=\"text\" ><p style=\"text-align: center;\">Das speziell geschulte Team macht die Seniorenzentrum \u201eWiesentrift\u201c zu einem einzigartigen und verst\u00e4ndnisvollen Zuhause.<\/p>\n<p style=\"text-align: center;\"><strong>Seniorenzentrum &#8222;Wiesentrift&#8220;<\/strong><\/p>\n<p style=\"text-align: center;\">Weststr. 38, 29640 Schneverdingen<\/p>\n<p class=\"bodytext\" style=\"text-align: center;\">Telefon: 0\u200651\u200693\u2006|\u200697\u20065\u2006100<br \/>\nFax: 0\u200651\u200693\u2006|\u200697\u20065\u2006250<br \/>\nE-Mail:\u00a0<a class=\"mail\" href=\"mailto:info@wiesentrift.de\">info@wiesentrift.de<\/a><\/p>\n<p style=\"text-align: center;\">Erfahre mehr \u00fcber unsere Einrichtung auf der Website<br \/>\n<a href=\"https:\/\/www.wiesentrift.de\">www.wiesentrift.de<\/a><\/p>\n<\/div><\/section><br \/>\n<div style=' margin-top:30px; margin-bottom:30px;'  class='hr hr-custom hr-center hr-icon-yes  av-desktop-hide av-medium-hide  avia-builder-el-21  el_after_av_textblock  avia-builder-el-last  '><span class='hr-inner   inner-border-av-border-thin' style=' width:100px; border-color:#951c80;' ><span class='hr-inner-style'><\/span><\/span><span class='av-seperator-icon'  aria-hidden='true' data-av_icon='\ue808' data-av_iconfont='entypo-fontello'><\/span><span class='hr-inner   inner-border-av-border-thin' style=' width:100px; border-color:#951c80;' ><span class='hr-inner-style'><\/span><\/span><\/div><\/p><\/div><div class='av-flex-placeholder'><\/div><div class=\"flex_column av_one_third  flex_column_table_cell av-equal-height-column av-align-top   avia-builder-el-22  el_after_av_one_third  el_before_av_hr   \" style='background: #e1dbd4; -webkit-transform: scale(1.2); -ms-transform: scale(1.2); transform: scale(1.2); z-index: 4;padding:20px; background-color:#e1dbd4; border-radius:0px; '><p><div style='padding-bottom:10px; margin-top:20px; ' class='av-special-heading av-special-heading-h3  blockquote modern-quote modern-centered  avia-builder-el-23  el_before_av_hr  avia-builder-el-first   '><h3 class='av-special-heading-tag '  itemprop=\"headline\"  >Diakoniestation<br \/>\nSchneverdingen-Neuenkirchen<\/h3><div class='special-heading-border'><div class='special-heading-inner-border' ><\/div><\/div><\/div><br \/>\n<div style=' margin-top:5px; margin-bottom:20px;'  class='hr hr-custom hr-center hr-icon-yes   avia-builder-el-24  el_after_av_heading  el_before_av_image  '><span class='hr-inner   inner-border-av-border-thin' style=' width:100px; border-color:#951c80;' ><span class='hr-inner-style'><\/span><\/span><span class='av-seperator-icon'  aria-hidden='true' data-av_icon='\ue808' data-av_iconfont='entypo-fontello'><\/span><span class='hr-inner   inner-border-av-border-thin' style=' width:100px; border-color:#951c80;' ><span class='hr-inner-style'><\/span><\/span><\/div><br \/>\n<div class='avia-image-container  av-styling-    avia-builder-el-25  el_after_av_hr  el_before_av_textblock   avia-align-center '  itemprop=\"image\" itemscope=\"itemscope\" itemtype=\"https:\/\/schema.org\/ImageObject\"  ><div class='avia-image-container-inner'><div class='avia-image-overlay-wrap'><img class='avia_image' src='https:\/\/altenpfleger-heide.de\/wp-content\/uploads\/2019\/08\/altenpflege-ambulant-300x200.jpg' alt='Diakoniestation Schneverdingen' title='altenpflege-ambulant' height=\"200\" width=\"300\"  itemprop=\"thumbnailUrl\"  \/><\/div><\/div><\/div><br \/>\n<section class=\"av_textblock_section \"  itemscope=\"itemscope\" itemtype=\"https:\/\/schema.org\/CreativeWork\" ><div class='avia_textblock  '  style='font-size:14px; '  itemprop=\"text\" ><p style=\"text-align: center;\">Das ambulante Pflegeteam der Diakoniestation versorgt Patienten Zuhause.<\/p>\n<p style=\"text-align: center;\"><strong>Diakoniestation Schneverdingen-Neuenkirchen<\/strong><\/p>\n<p style=\"text-align: center;\">Feldstr. 1, 29640 Schneverdingen<\/p>\n<p style=\"text-align: center;\">Telefon: 0 51 93 | 98 31 0<br \/>\nFax: 0 51 93 |98 31 20<br \/>\nE-Mail:\u00a0<a href=\"mailto:info@dst-schneverdingen.de\">info@dst-schneverdingen.de<\/a><\/p>\n<p style=\"text-align: center;\">Erfahre mehr \u00fcber unseren ambulanten Pflegedienst auf der Website<br \/>\n<a href=\"https:\/\/www.dst-schneverdingen.de\">www.dst-schneverdingen.de<\/a><\/p>\n<\/div><\/section><br \/>\n<div style=' margin-top:30px; margin-bottom:30px;'  class='hr hr-custom hr-center hr-icon-yes  av-desktop-hide av-medium-hide  avia-builder-el-27  el_after_av_textblock  avia-builder-el-last  '><span class='hr-inner   inner-border-av-border-thin' style=' width:100px; border-color:#951c80;' ><span class='hr-inner-style'><\/span><\/span><span class='av-seperator-icon'  aria-hidden='true' data-av_icon='\ue808' data-av_iconfont='entypo-fontello'><\/span><span class='hr-inner   inner-border-av-border-thin' style=' width:100px; border-color:#951c80;' ><span class='hr-inner-style'><\/span><\/span><\/div><\/p><\/div><\/div><!--close column table wrapper. Autoclose: 1 --><div style='height:150px' class='hr hr-invisible  av-desktop-hide av-medium-hide  avia-builder-el-28  el_after_av_one_third  avia-builder-el-last  '><span class='hr-inner ' ><span class='hr-inner-style'><\/span><\/span><\/div>\n\n<\/div><\/div><\/div><!-- close content main div --><\/div><\/div><div id='av_section_2' class='avia-section main_color avia-section-default avia-no-border-styling avia-bg-style-scroll  avia-builder-el-29  el_after_av_section  el_before_av_one_full   container_wrap fullsize' style=' '  ><div class='container' ><div class='template-page content  av-content-full alpha units'><div class='post-entry post-entry-type-page post-entry-14'><div class='entry-content-wrapper clearfix'>\n<div class='flex_column_table av-equal-height-column-flextable -flextable' style='margin-top:30px; margin-bottom:30px; box-shadow: 0 0 10px 0 #cccccc; '><div class=\"flex_column av_one_third  flex_column_table_cell av-equal-height-column av-align-top first  avia-builder-el-30  el_before_av_one_third  avia-builder-el-first   \" style='background: #e1dbd4; -webkit-transform: scale(1.2); -ms-transform: scale(1.2); transform: scale(1.2); z-index: 4;padding:20px; background-color:#e1dbd4; border-radius:0px; '><p><div style='padding-bottom:10px; margin-top:20px; ' class='av-special-heading av-special-heading-h3  blockquote modern-quote modern-centered  avia-builder-el-31  el_before_av_hr  avia-builder-el-first   '><h3 class='av-special-heading-tag '  itemprop=\"headline\"  >Diakoniestationen<br \/>\nNordheide<\/h3><div class='special-heading-border'><div class='special-heading-inner-border' ><\/div><\/div><\/div><br \/>\n<div style=' margin-top:5px; margin-bottom:20px;'  class='hr hr-custom hr-center hr-icon-yes   avia-builder-el-32  el_after_av_heading  el_before_av_image  '><span class='hr-inner   inner-border-av-border-thin' style=' width:100px; border-color:#951c80;' ><span class='hr-inner-style'><\/span><\/span><span class='av-seperator-icon'  aria-hidden='true' data-av_icon='\ue808' data-av_iconfont='entypo-fontello'><\/span><span class='hr-inner   inner-border-av-border-thin' style=' width:100px; border-color:#951c80;' ><span class='hr-inner-style'><\/span><\/span><\/div><br \/>\n<div class='avia-image-container  av-styling-    avia-builder-el-33  el_after_av_hr  el_before_av_textblock   avia-align-center '  itemprop=\"image\" itemscope=\"itemscope\" itemtype=\"https:\/\/schema.org\/ImageObject\"  ><div class='avia-image-container-inner'><div class='avia-image-overlay-wrap'><img class='avia_image' src='https:\/\/altenpfleger-heide.de\/wp-content\/uploads\/2020\/07\/dst-nordheide-web-300x200.jpg' alt='Diakoniestationen Nordheide' title='Diakoniestationen Nordheide' height=\"200\" width=\"300\"  itemprop=\"thumbnailUrl\"  \/><\/div><\/div><\/div><br \/>\n<section class=\"av_textblock_section \"  itemscope=\"itemscope\" itemtype=\"https:\/\/schema.org\/CreativeWork\" ><div class='avia_textblock  '  style='font-size:14px; '  itemprop=\"text\" ><p style=\"text-align: center;\">Die ambulanten Pflegeteams der Diakoniestationen versorgt Patienten in Ihrem Zuhause.<\/p>\n<p style=\"text-align: center;\"><strong>Diakoniestationen Nordheide<\/strong><\/p>\n<p style=\"text-align: center;\"><strong>in Buchholz<br \/>\n<\/strong><strong>in Winsen<br \/>\n<\/strong><strong>in Neu Wulmstorf<br \/>\n<\/strong><strong>in Seevetal<\/strong><\/p>\n<p style=\"text-align: center;\">Telefon: 04105 | 136 40<br \/>\nFax: 04105 | 136 40<br \/>\nE-Mail: <a href=\"mailto:info@dst-nordheide.de\">info@dst-nordheide.de<\/a><\/p>\n<p style=\"text-align: center;\">Erfahre mehr \u00fcber unseren ambulanten Pflegedienst auf der Website<br \/>\n<a href=\"https:\/\/www.dst-schneverdingen.de\">www.dst-nordheide.de<\/a><\/p>\n<\/div><\/section><br \/>\n<div style=' margin-top:30px; margin-bottom:30px;'  class='hr hr-custom hr-center hr-icon-yes  av-desktop-hide av-medium-hide  avia-builder-el-35  el_after_av_textblock  avia-builder-el-last  '><span class='hr-inner   inner-border-av-border-thin' style=' width:100px; border-color:#951c80;' ><span class='hr-inner-style'><\/span><\/span><span class='av-seperator-icon'  aria-hidden='true' data-av_icon='\ue808' data-av_iconfont='entypo-fontello'><\/span><span class='hr-inner   inner-border-av-border-thin' style=' width:100px; border-color:#951c80;' ><span class='hr-inner-style'><\/span><\/span><\/div><\/p><\/div><div class='av-flex-placeholder'><\/div><div class=\"flex_column av_one_third  flex_column_table_cell av-equal-height-column av-align-top   avia-builder-el-36  el_after_av_one_third  el_before_av_one_third   \" style='background: #e1dbd4; -webkit-transform: scale(1.2); -ms-transform: scale(1.2); transform: scale(1.2); z-index: 4;padding:20px; background-color:#e1dbd4; border-radius:0px; '><p><div style='padding-bottom:10px; margin-top:20px; ' class='av-special-heading av-special-heading-h3  blockquote modern-quote modern-centered  avia-builder-el-37  el_before_av_hr  avia-builder-el-first   '><h3 class='av-special-heading-tag '  itemprop=\"headline\"  >Altenheim<br \/>\n<span class='special_amp'>&#8222;<\/span>Haus an den Eichen<span class='special_amp'>&#8220;<\/span><\/h3><div class='special-heading-border'><div class='special-heading-inner-border' ><\/div><\/div><\/div><br \/>\n<div style=' margin-top:5px; margin-bottom:20px;'  class='hr hr-custom hr-center hr-icon-yes   avia-builder-el-38  el_after_av_heading  el_before_av_image  '><span class='hr-inner   inner-border-av-border-thin' style=' width:100px; border-color:#951c80;' ><span class='hr-inner-style'><\/span><\/span><span class='av-seperator-icon'  aria-hidden='true' data-av_icon='\ue808' data-av_iconfont='entypo-fontello'><\/span><span class='hr-inner   inner-border-av-border-thin' style=' width:100px; border-color:#951c80;' ><span class='hr-inner-style'><\/span><\/span><\/div><br \/>\n<div class='avia-image-container  av-styling-    avia-builder-el-39  el_after_av_hr  el_before_av_textblock   avia-align-center '  itemprop=\"image\" itemscope=\"itemscope\" itemtype=\"https:\/\/schema.org\/ImageObject\"  ><div class='avia-image-container-inner'><div class='avia-image-overlay-wrap'><img class='avia_image' src='https:\/\/altenpfleger-heide.de\/wp-content\/uploads\/2020\/08\/haus_meinersen_aussen2-300x200.jpg' alt='' title='haus_meinersen_aussen2' height=\"200\" width=\"300\"  itemprop=\"thumbnailUrl\"  \/><\/div><\/div><\/div><br \/>\n<section class=\"av_textblock_section \"  itemscope=\"itemscope\" itemtype=\"https:\/\/schema.org\/CreativeWork\" ><div class='avia_textblock  '  style='font-size:14px; '  itemprop=\"text\" ><p style=\"text-align: center;\">Das Altenheim &#8222;Haus an den Eichen&#8220; ist eine privat gef\u00fchrte Pflegeeinrichtung mit zwei Standorten in Meinersen und Seershausen. Insgesamt 65 Bewohner\/innen finden hier ein famili\u00e4res und gem\u00fctliches Zuhause.<\/p>\n<p style=\"text-align: center;\"><strong>Altenheim &#8222;Haus an den Eichen&#8220;<\/strong><\/p>\n<p style=\"text-align: center;\"><strong>Seershausen: <\/strong>Warmser Weg 1A, 38536 Meinersen<\/p>\n<p style=\"text-align: center;\"><strong>Meinersen: <\/strong>Schmiedestra\u00dfe 12, 38536 Meinersen<\/p>\n<p style=\"text-align: center;\">Telefon: 05372 | 1419<br \/>\nE-Mail:\u00a0 <a href=\"mailto:info@hausandeneichen.de\">info@hausandeneichen.de<\/a><\/p>\n<p style=\"text-align: center;\">Erfahre mehr \u00fcber unsere Einrichtung auf der Website<br \/>\n<a href=\"https:\/\/www.hausandeneichen.de\" target=\"_blank\" rel=\"noopener\">www.hausandeneichen.de<\/a><\/p>\n<\/div><\/section><br \/>\n<div style=' margin-top:30px; margin-bottom:30px;'  class='hr hr-custom hr-center hr-icon-yes  av-desktop-hide av-medium-hide  avia-builder-el-41  el_after_av_textblock  avia-builder-el-last  '><span class='hr-inner   inner-border-av-border-thin' style=' width:100px; border-color:#951c80;' ><span class='hr-inner-style'><\/span><\/span><span class='av-seperator-icon'  aria-hidden='true' data-av_icon='\ue808' data-av_iconfont='entypo-fontello'><\/span><span class='hr-inner   inner-border-av-border-thin' style=' width:100px; border-color:#951c80;' ><span class='hr-inner-style'><\/span><\/span><\/div><\/p><\/div><div class='av-flex-placeholder'><\/div><div class=\"flex_column av_one_third  flex_column_table_cell av-equal-height-column av-align-top   avia-builder-el-42  el_after_av_one_third  el_before_av_one_third   \" style='background: #e1dbd4; -webkit-transform: scale(1.2); -ms-transform: scale(1.2); transform: scale(1.2); z-index: 4;padding:20px; background-color:#e1dbd4; border-radius:0px; '><p><div style='padding-bottom:10px; margin-top:20px; ' class='av-special-heading av-special-heading-h3  blockquote modern-quote modern-centered  avia-builder-el-43  el_before_av_hr  avia-builder-el-first   '><h3 class='av-special-heading-tag '  itemprop=\"headline\"  >Seniorenresidenz<br \/>\n<span class='special_amp'>&#8222;<\/span>Heidebl\u00fcte<span class='special_amp'>&#8220;<\/span><\/h3><div class='special-heading-border'><div class='special-heading-inner-border' ><\/div><\/div><\/div><br \/>\n<div style=' margin-top:5px; margin-bottom:20px;'  class='hr hr-custom hr-center hr-icon-yes   avia-builder-el-44  el_after_av_heading  el_before_av_image  '><span class='hr-inner   inner-border-av-border-thin' style=' width:100px; border-color:#951c80;' ><span class='hr-inner-style'><\/span><\/span><span class='av-seperator-icon'  aria-hidden='true' data-av_icon='\ue808' data-av_iconfont='entypo-fontello'><\/span><span class='hr-inner   inner-border-av-border-thin' style=' width:100px; border-color:#951c80;' ><span class='hr-inner-style'><\/span><\/span><\/div><br \/>\n<div class='avia-image-container  av-styling-    avia-builder-el-45  el_after_av_hr  el_before_av_textblock   avia-align-center '  itemprop=\"image\" itemscope=\"itemscope\" itemtype=\"https:\/\/schema.org\/ImageObject\"  ><div class='avia-image-container-inner'><div class='avia-image-overlay-wrap'><img class='avia_image' src='https:\/\/altenpfleger-heide.de\/wp-content\/uploads\/2022\/11\/Heidebluete300x200.png' alt='' title='Heidebl\u00fcte300x200' height=\"200\" width=\"300\"  itemprop=\"thumbnailUrl\"  \/><\/div><\/div><\/div><br \/>\n<section class=\"av_textblock_section \"  itemscope=\"itemscope\" itemtype=\"https:\/\/schema.org\/CreativeWork\" ><div class='avia_textblock  '  style='font-size:14px; '  itemprop=\"text\" ><p style=\"text-align: center;\">Die Seniorenresidenz Heidebl\u00fcte verf\u00fcgt \u00fcber 82 Betreuungspl\u00e4tze, darunter 23 Comfort-Zimmer, 18 Wohnungen f\u00fcr Betreutes Wohnen und 15 Tagespflegepl\u00e4tze.<\/p>\n<div class=\"et_pb_row et_pb_row_7 et_pb_gutters2 et_pb_row_4col et_had_animation\">\n<div class=\"et_pb_column et_pb_column_1_4 et_pb_column_10 et_pb_css_mix_blend_mode_passthrough\">\n<div class=\"et_pb_module et_pb_number_counter et_pb_number_counter_0 et_pb_text_align_center et_pb_bg_layout_light et_pb_with_title active\" data-number-value=\"82\" data-number-separator=\"\">\n<div class=\"percent\"><\/div>\n<\/div>\n<\/div>\n<\/div>\n<p style=\"text-align: center;\"><strong>Seniorenresidenz &#8222;Heidebl\u00fcte&#8220;<\/strong><\/p>\n<p style=\"text-align: center;\">Feldstr. 1, 29640 Schneverdingen<\/p>\n<p style=\"text-align: center;\">Telefon: 05193| 8060109<br \/>\nE-Mail:\u00a0 <a href=\"mailto:info@residenz-heidebluete.de\">info@residenz-heidebluete.de<\/a><\/p>\n<p style=\"text-align: center;\">Erfahre mehr \u00fcber unsere Einrichtung auf der Website<br \/>\n<a href=\"https:\/\/residenz-heidebluete.de\/\">https:\/\/residenz-heidebluete.de\/<\/a><\/p>\n<\/div><\/section><br \/>\n<div style=' margin-top:30px; margin-bottom:30px;'  class='hr hr-custom hr-center hr-icon-yes  av-desktop-hide av-medium-hide  avia-builder-el-47  el_after_av_textblock  avia-builder-el-last  '><span class='hr-inner   inner-border-av-border-thin' style=' width:100px; border-color:#951c80;' ><span class='hr-inner-style'><\/span><\/span><span class='av-seperator-icon'  aria-hidden='true' data-av_icon='\ue808' data-av_iconfont='entypo-fontello'><\/span><span class='hr-inner   inner-border-av-border-thin' style=' width:100px; border-color:#951c80;' ><span class='hr-inner-style'><\/span><\/span><\/div><\/p><\/div><\/div><!--close column table wrapper. Autoclose: 1 --><div class='flex_column_table av-equal-height-column-flextable -flextable' style='margin-top:30px; margin-bottom:30px; '><div class=\"flex_column av_one_third  flex_column_table_cell av-equal-height-column av-align-top first  avia-builder-el-48  el_after_av_one_third  avia-builder-el-last   column-top-margin\" style='background: #e1dbd4; -webkit-transform: scale(1.2); -ms-transform: scale(1.2); transform: scale(1.2); z-index: 4;padding:20px; background-color:#e1dbd4; border-radius:0px; '><div style=' margin-top:30px; margin-bottom:30px;'  class='hr hr-custom hr-center hr-icon-yes  av-desktop-hide av-medium-hide  avia-builder-el-49  avia-builder-el-no-sibling  '><span class='hr-inner   inner-border-av-border-thin' style=' width:100px; border-color:#951c80;' ><span class='hr-inner-style'><\/span><\/span><span class='av-seperator-icon'  aria-hidden='true' data-av_icon='\ue808' data-av_iconfont='entypo-fontello'><\/span><span class='hr-inner   inner-border-av-border-thin' style=' width:100px; border-color:#951c80;' ><span class='hr-inner-style'><\/span><\/span><\/div><\/div><\/div><!--close column table wrapper. Autoclose: 1 --><\/div><\/div><\/div><!-- close content main div --><\/div><\/div><div id='after_section_2' class='main_color av_default_container_wrap container_wrap fullsize' style=' '  ><div class='container' ><div class='template-page content  av-content-full alpha units'><div class='post-entry post-entry-type-page post-entry-14'><div class='entry-content-wrapper clearfix'><div class=\"flex_column av_one_full  flex_column_div av-zero-column-padding first  avia-builder-el-50  el_after_av_section  el_before_av_one_third  avia-builder-el-first  \" style='border-radius:0px; '><p><div style=' margin-top:30px; margin-bottom:30px;'  class='hr hr-custom hr-center hr-icon-no   avia-builder-el-51  el_before_av_hr  avia-builder-el-first  '><span class='hr-inner   inner-border-av-border-none' style=' width:50px;' ><span class='hr-inner-style'><\/span><\/span><\/div><br \/>\n<div style=' margin-top:30px; margin-bottom:30px;'  class='hr hr-custom hr-center hr-icon-yes   avia-builder-el-52  el_after_av_hr  el_before_av_heading  '><span class='hr-inner   inner-border-av-border-thin' style=' width:100px; border-color:#951c80;' ><span class='hr-inner-style'><\/span><\/span><span class='av-seperator-icon'  aria-hidden='true' data-av_icon='\ue808' data-av_iconfont='entypo-fontello'><\/span><span class='hr-inner   inner-border-av-border-thin' style=' width:100px; border-color:#951c80;' ><span class='hr-inner-style'><\/span><\/span><\/div><br \/>\n<div style='padding-bottom:10px; font-size:36px;' class='av-special-heading av-special-heading-h1  blockquote modern-quote modern-centered  avia-builder-el-53  el_after_av_hr  avia-builder-el-last  Und warum tun wir das? av-inherit-size '><h1 class='av-special-heading-tag '  itemprop=\"headline\"  >News<\/h1><div class='special-heading-border'><div class='special-heading-inner-border' ><\/div><\/div><\/div><\/p><\/div><\/p>\n<div class=\"flex_column av_one_third  flex_column_div av-zero-column-padding first  avia-builder-el-54  el_after_av_one_full  el_before_av_one_third  column-top-margin\" style='border-radius:0px; '><p><div class='avia-image-container  av-styling-    avia-builder-el-55  el_before_av_textblock  avia-builder-el-first   avia-align-center '  itemprop=\"image\" itemscope=\"itemscope\" itemtype=\"https:\/\/schema.org\/ImageObject\"  ><div class='avia-image-container-inner'><div class='avia-image-overlay-wrap'><img class='avia_image' src='https:\/\/altenpfleger-heide.de\/wp-content\/uploads\/2020\/07\/pflege-schneverdingen-e-bikes-300x200.jpg' alt='Ambulante Pflegekr\u00e4fte Schneverdingen E-Bikes' title='Ambulante Pflegekr\u00e4fte Schneverdingen E-Bikes' height=\"200\" width=\"300\"  itemprop=\"thumbnailUrl\"  \/><\/div><\/div><\/div><br \/>\n<section class=\"av_textblock_section \"  itemscope=\"itemscope\" itemtype=\"https:\/\/schema.org\/CreativeWork\" ><div class='avia_textblock  '  style='font-size:14px; '  itemprop=\"text\" ><h4 style=\"text-align: center;\">Diakoniestation Schneverdingen-Neuenkirchen<\/h4>\n<h2 style=\"text-align: center;\">E-Bikes f\u00fcr unsere Pflegekr\u00e4fte<\/h2>\n<p style=\"text-align: center;\">Als besonderes Dankesch\u00f6n f\u00fcr die gro\u00dfartige Arbeit durften sich unsere Mitarbeiter ein E-Bike nach ihren W\u00fcnschen und Vorstellungen aussuchen, die sie sowohl f\u00fcr die Fahrt zu den Patienten als auch im Privaten nutzen k\u00f6nnen. Damit m\u00f6chten wir nicht nur ein Zeichen im Sinne des Umweltbewusstseins setzen, sondern auch die t\u00e4gliche gro\u00dfartige Arbeit der Mitarbeiter honorieren \u2013 gerade in der schwierigen Zeit durch COVID-19.<\/p>\n<\/div><\/section><br \/>\n<div style=' margin-top:30px; margin-bottom:30px;'  class='hr hr-custom hr-center hr-icon-yes   avia-builder-el-57  el_after_av_textblock  avia-builder-el-last  '><span class='hr-inner   inner-border-av-border-thin' style=' width:100px; border-color:#951c80;' ><span class='hr-inner-style'><\/span><\/span><span class='av-seperator-icon'  aria-hidden='true' data-av_icon='\ue808' data-av_iconfont='entypo-fontello'><\/span><span class='hr-inner   inner-border-av-border-thin' style=' width:100px; border-color:#951c80;' ><span class='hr-inner-style'><\/span><\/span><\/div><\/p><\/div>\n<div class=\"flex_column av_one_third  flex_column_div av-zero-column-padding   avia-builder-el-58  el_after_av_one_third  el_before_av_one_fourth  column-top-margin\" style='border-radius:0px; '><p><div  data-size='entry_without_sidebar'  data-lightbox_size='large'  data-animation='slide'  data-conditional_play=''  data-ids='300,301,302,303,304,305,306,307,308,309,310'  data-video_counter='0'  data-autoplay='true'  data-bg_slider='false'  data-slide_height=''  data-handle='av_slideshow'  data-interval='5'  data-class=' avia-builder-el-59  el_before_av_textblock  avia-builder-el-first   '  data-css_id=''  data-scroll_down=''  data-control_layout='av-control-default'  data-custom_markup=''  data-perma_caption=''  data-autoplay_stopper=''  data-image_attachment=''  data-min_height='0px'  data-default-height='34.95867768595'  class='avia-slideshow avia-slideshow-2  av-control-default av-default-height-applied avia-slideshow-entry_without_sidebar av_slideshow  avia-builder-el-59  el_before_av_textblock  avia-builder-el-first    avia-slide-slider '  itemprop=\"image\" itemscope=\"itemscope\" itemtype=\"https:\/\/schema.org\/ImageObject\" ><ul class='avia-slideshow-inner ' style='padding-bottom: 67.454545454545%;' ><li  class=' slide-1 ' ><div data-rel='slideshow-2' class='avia-slide-wrap '   ><img src='https:\/\/altenpfleger-heide.de\/wp-content\/uploads\/2020\/02\/er\u00f6ffnung_wiesentrift-1.jpg' width='550' height='371' title='er\u00f6ffnung_wiesentrift-1' alt=''  itemprop=\"thumbnailUrl\"   \/><\/div><\/li><li  class=' slide-2 ' ><div data-rel='slideshow-2' class='avia-slide-wrap '   ><img src='https:\/\/altenpfleger-heide.de\/wp-content\/uploads\/2020\/02\/er\u00f6ffnung_wiesentrift-2.jpg' width='550' height='371' title='er\u00f6ffnung_wiesentrift-2' alt=''  itemprop=\"thumbnailUrl\"   \/><\/div><\/li><li  class=' slide-3 ' ><div data-rel='slideshow-2' class='avia-slide-wrap '   ><img src='https:\/\/altenpfleger-heide.de\/wp-content\/uploads\/2020\/02\/er\u00f6ffnung_wiesentrift-3.jpg' width='550' height='371' title='er\u00f6ffnung_wiesentrift-3' alt=''  itemprop=\"thumbnailUrl\"   \/><\/div><\/li><li  class=' slide-4 ' ><div data-rel='slideshow-2' class='avia-slide-wrap '   ><img src='https:\/\/altenpfleger-heide.de\/wp-content\/uploads\/2020\/02\/er\u00f6ffnung_wiesentrift-4.jpg' width='550' height='371' title='er\u00f6ffnung_wiesentrift-4' alt=''  itemprop=\"thumbnailUrl\"   \/><\/div><\/li><li  class=' slide-5 ' ><div data-rel='slideshow-2' class='avia-slide-wrap '   ><img src='https:\/\/altenpfleger-heide.de\/wp-content\/uploads\/2020\/02\/er\u00f6ffnung_wiesentrift-5.jpg' width='550' height='371' title='er\u00f6ffnung_wiesentrift-5' alt=''  itemprop=\"thumbnailUrl\"   \/><\/div><\/li><li  class=' slide-6 ' ><div data-rel='slideshow-2' class='avia-slide-wrap '   ><img src='https:\/\/altenpfleger-heide.de\/wp-content\/uploads\/2020\/02\/er\u00f6ffnung_wiesentrift-6.jpg' width='550' height='371' title='er\u00f6ffnung_wiesentrift-6' alt=''  itemprop=\"thumbnailUrl\"   \/><\/div><\/li><li  class=' slide-7 ' ><div data-rel='slideshow-2' class='avia-slide-wrap '   ><img src='https:\/\/altenpfleger-heide.de\/wp-content\/uploads\/2020\/02\/er\u00f6ffnung_wiesentrift-7.jpg' width='550' height='371' title='er\u00f6ffnung_wiesentrift-7' alt=''  itemprop=\"thumbnailUrl\"   \/><\/div><\/li><li  class=' slide-8 ' ><div data-rel='slideshow-2' class='avia-slide-wrap '   ><img src='https:\/\/altenpfleger-heide.de\/wp-content\/uploads\/2020\/02\/er\u00f6ffnung_wiesentrift-8.jpg' width='550' height='371' title='er\u00f6ffnung_wiesentrift-8' alt=''  itemprop=\"thumbnailUrl\"   \/><\/div><\/li><li  class=' slide-9 ' ><div data-rel='slideshow-2' class='avia-slide-wrap '   ><img src='https:\/\/altenpfleger-heide.de\/wp-content\/uploads\/2020\/02\/er\u00f6ffnung_wiesentrift-9.jpg' width='550' height='371' title='er\u00f6ffnung_wiesentrift-9' alt=''  itemprop=\"thumbnailUrl\"   \/><\/div><\/li><li  class=' slide-10 ' ><div data-rel='slideshow-2' class='avia-slide-wrap '   ><img src='https:\/\/altenpfleger-heide.de\/wp-content\/uploads\/2020\/02\/er\u00f6ffnung_wiesentrift-10.jpg' width='550' height='371' title='er\u00f6ffnung_wiesentrift-10' alt=''  itemprop=\"thumbnailUrl\"   \/><\/div><\/li><li  class=' slide-11 ' ><div data-rel='slideshow-2' class='avia-slide-wrap '   ><img src='https:\/\/altenpfleger-heide.de\/wp-content\/uploads\/2020\/02\/er\u00f6ffnung_wiesentrift-11.jpg' width='550' height='371' title='er\u00f6ffnung_wiesentrift-11' alt=''  itemprop=\"thumbnailUrl\"   \/><\/div><\/li><\/ul><div class='avia-slideshow-arrows avia-slideshow-controls'><a href='#prev' class='prev-slide' aria-hidden='true' data-av_icon='\ue87c' data-av_iconfont='entypo-fontello'>Zur\u00fcck<\/a><a href='#next' class='next-slide' aria-hidden='true' data-av_icon='\ue87d' data-av_iconfont='entypo-fontello'>Weiter<\/a><\/div><div class='avia-slideshow-dots avia-slideshow-controls'><a href='#1' class='goto-slide active' >1<\/a><a href='#2' class='goto-slide ' >2<\/a><a href='#3' class='goto-slide ' >3<\/a><a href='#4' class='goto-slide ' >4<\/a><a href='#5' class='goto-slide ' >5<\/a><a href='#6' class='goto-slide ' >6<\/a><a href='#7' class='goto-slide ' >7<\/a><a href='#8' class='goto-slide ' >8<\/a><a href='#9' class='goto-slide ' >9<\/a><a href='#10' class='goto-slide ' >10<\/a><a href='#11' class='goto-slide ' >11<\/a><\/div><\/div><br \/>\n<section class=\"av_textblock_section \"  itemscope=\"itemscope\" itemtype=\"https:\/\/schema.org\/CreativeWork\" ><div class='avia_textblock  '  style='font-size:14px; '  itemprop=\"text\" ><h4 style=\"text-align: center;\">Seniorenzentrum &#8222;Wiesentrift&#8220;<\/h4>\n<h2 style=\"text-align: center;\">Er\u00f6ffnung des Erweiterungsbaus<\/h2>\n<p style=\"text-align: center;\">Am 17.1. war es endlich soweit, unser Erweiterungsbau wurde er\u00f6ffnet! Die Feierlichkeiten begannen ab 11 Uhr mit geladenen G\u00e4sten. Nach einer kurzen Begr\u00fc\u00dfung durch Herrn Heine folgte ein Gottesdienst, der vom Posaunenchor begleitet wurde. Anschlie\u00dfend wurden verschiedene Reden gehalten und die offizielle Schl\u00fcssel\u00fcbergabe fand stand. Eine kleine St\u00e4rkung wartete auf die geladenen G\u00e4ste im ersten Stock. Ab 14 Uhr war die Einrichtung dann zum Tag der offenen T\u00fcr ge\u00f6ffnet, und wir freuten uns \u00fcber das rege Interesse und all die vielen Besucher, denen wir bei einem Rundgang unseren neuen Erweiterungsbau zeigen durften.<\/p>\n<\/div><\/section><br \/>\n<div style=' margin-top:30px; margin-bottom:30px;'  class='hr hr-custom hr-center hr-icon-yes   avia-builder-el-61  el_after_av_textblock  avia-builder-el-last  '><span class='hr-inner   inner-border-av-border-thin' style=' width:100px; border-color:#951c80;' ><span class='hr-inner-style'><\/span><\/span><span class='av-seperator-icon'  aria-hidden='true' data-av_icon='\ue808' data-av_iconfont='entypo-fontello'><\/span><span class='hr-inner   inner-border-av-border-thin' style=' width:100px; border-color:#951c80;' ><span class='hr-inner-style'><\/span><\/span><\/div><\/p><\/div>\n<div class=\"flex_column av_one_fourth  flex_column_div av-zero-column-padding   avia-builder-el-62  el_after_av_one_third  el_before_av_one_full  column-top-margin\" style='border-radius:0px; '><p><div  data-size='shop_single'  data-lightbox_size='large'  data-animation='slide'  data-conditional_play=''  data-ids='323,322,321,320,318'  data-video_counter='0'  data-autoplay='true'  data-bg_slider='false'  data-slide_height=''  data-handle='av_slideshow'  data-interval='5'  data-class=' avia-builder-el-63  el_before_av_textblock  avia-builder-el-first    avia-small-width-slider'  data-css_id=''  data-scroll_down=''  data-control_layout='av-control-default'  data-custom_markup=''  data-perma_caption=''  data-autoplay_stopper=''  data-image_attachment=''  data-min_height='0px'  data-default-height='222'  class='avia-slideshow avia-slideshow-3  av-control-default av-default-height-applied avia-slideshow-shop_single av_slideshow  avia-builder-el-63  el_before_av_textblock  avia-builder-el-first    avia-small-width-slider avia-slide-slider '  itemprop=\"image\" itemscope=\"itemscope\" itemtype=\"https:\/\/schema.org\/ImageObject\" ><ul class='avia-slideshow-inner ' style='padding-bottom: 158.66666666667%;' ><li  class=' slide-1 ' ><div data-rel='slideshow-3' class='avia-slide-wrap '   ><img src='https:\/\/altenpfleger-heide.de\/wp-content\/uploads\/2020\/02\/rotenburger-vorbericht-450x714.jpg' width='450' height='714' title='Zeitungsartikel Vorbericht Rotenburger Rundschau' alt='Zeitungsartikel Vorbericht Rotenburger Rundschau'  itemprop=\"thumbnailUrl\"   \/><\/div><\/li><li  class=' slide-2 ' ><div data-rel='slideshow-3' class='avia-slide-wrap '   ><img src='https:\/\/altenpfleger-heide.de\/wp-content\/uploads\/2020\/02\/heide-kurier-vorbericht-450x838.jpg' width='450' height='838' title='Zeitungsartikel Vorbericht Heide-Kurier' alt='Zeitungsartikel Vorbericht Heide-Kurier'  itemprop=\"thumbnailUrl\"   \/><\/div><\/li><li  class=' slide-3 ' ><div data-rel='slideshow-3' class='avia-slide-wrap '   ><img src='https:\/\/altenpfleger-heide.de\/wp-content\/uploads\/2020\/02\/heide-kurier-projektvorstellung-450x256.jpg' width='450' height='256' title='Zeitungsartikel Projektvorstellung Heide-Kurier' alt='Zeitungsartikel Projektvorstellung Heide-Kurier'  itemprop=\"thumbnailUrl\"   \/><\/div><\/li><li  class=' slide-4 ' ><div data-rel='slideshow-3' class='avia-slide-wrap '   ><img src='https:\/\/altenpfleger-heide.de\/wp-content\/uploads\/2020\/02\/heide-kurier-nachbericht-450x579.jpg' width='450' height='579' title='Zeitungsartikel Nachbericht Heide-Kurier' alt='Zeitungsartikel Nachbericht Heide-Kurier'  itemprop=\"thumbnailUrl\"   \/><\/div><\/li><li  class=' slide-5 ' ><div data-rel='slideshow-3' class='avia-slide-wrap '   ><img src='https:\/\/altenpfleger-heide.de\/wp-content\/uploads\/2020\/02\/boehmezeitung-nachbericht-450x986.jpg' width='450' height='986' title='boehmezeitung-nachbericht' alt=''  itemprop=\"thumbnailUrl\"   \/><\/div><\/li><\/ul><div class='avia-slideshow-arrows avia-slideshow-controls'><a href='#prev' class='prev-slide' aria-hidden='true' data-av_icon='\ue87c' data-av_iconfont='entypo-fontello'>Zur\u00fcck<\/a><a href='#next' class='next-slide' aria-hidden='true' data-av_icon='\ue87d' data-av_iconfont='entypo-fontello'>Weiter<\/a><\/div><div class='avia-slideshow-dots avia-slideshow-controls'><a href='#1' class='goto-slide active' >1<\/a><a href='#2' class='goto-slide ' >2<\/a><a href='#3' class='goto-slide ' >3<\/a><a href='#4' class='goto-slide ' >4<\/a><a href='#5' class='goto-slide ' >5<\/a><\/div><\/div><br \/>\n<section class=\"av_textblock_section \"  itemscope=\"itemscope\" itemtype=\"https:\/\/schema.org\/CreativeWork\" ><div class='avia_textblock  '  style='font-size:14px; '  itemprop=\"text\" ><h4 style=\"text-align: center;\">Seniorenzentrum &#8222;Wiesentrift&#8220;<\/h4>\n<h2 style=\"text-align: center;\">Berichte zur Er\u00f6ffnung<\/h2>\n<p style=\"text-align: center;\">Zur Er\u00f6ffnung des Erweiterungsbaus haben regionale Zeitungen dazu berichtet.<\/p>\n<\/div><\/section><br \/>\n<div style=' margin-top:30px; margin-bottom:30px;'  class='hr hr-custom hr-center hr-icon-yes   avia-builder-el-65  el_after_av_textblock  avia-builder-el-last  '><span class='hr-inner   inner-border-av-border-thin' style=' width:100px; border-color:#951c80;' ><span class='hr-inner-style'><\/span><\/span><span class='av-seperator-icon'  aria-hidden='true' data-av_icon='\ue808' data-av_iconfont='entypo-fontello'><\/span><span class='hr-inner   inner-border-av-border-thin' style=' width:100px; border-color:#951c80;' ><span class='hr-inner-style'><\/span><\/span><\/div><\/p><\/div>\n<div class=\"flex_column av_one_full  flex_column_div first  avia-builder-el-66  el_after_av_one_fourth  el_before_av_heading   column-top-margin\" style='background: #e1dbd4; padding:50px; background-color:#e1dbd4; border-radius:0px; '><p><div style='padding-bottom:10px; font-size:36px;' class='av-special-heading av-special-heading-h1  blockquote modern-quote modern-centered  avia-builder-el-67  el_before_av_textblock  avia-builder-el-first  Und warum tun wir das? av-inherit-size '><h1 class='av-special-heading-tag '  itemprop=\"headline\"  >Wir brauchen Verst\u00e4rkung und suchen genau Dich!<\/h1><div class='special-heading-border'><div class='special-heading-inner-border' ><\/div><\/div><\/div><br \/>\n<section class=\"av_textblock_section \"  itemscope=\"itemscope\" itemtype=\"https:\/\/schema.org\/CreativeWork\" ><div class='avia_textblock  '  style='font-size:14px; '  itemprop=\"text\" ><p style=\"text-align: center;\">Ende des Jahres wird unser Anbau in den Hausgemeinschaften Wiesentrift fertig sein und wir brauchen daf\u00fcr ein gr\u00f6\u00dferes Team! Daher suchen wir ab <strong>sofort:<\/strong><\/p>\n<p style=\"text-align: center;\">Auch suchen wir stetig <strong>Verst\u00e4rkungen f\u00fcr jedes unserer Teams<\/strong>, wir wachsen an unseren Aufgaben und damit nat\u00fcrlich auch unsere Teams.<\/p>\n<p style=\"text-align: center;\"><strong>1.<br \/>\nPflegefachkr\u00e4fte, Altenpfleger, (Kinder-)Krankenpfleger (m\/w\/d)<\/strong><\/p>\n<p style=\"text-align: center;\"><strong>2.<br \/>\nPflegeassistenten (m\/w\/d) mit einer abgeschlossenen ein oder zweij\u00e4hrigen Ausbildung<\/strong><\/p>\n<p style=\"text-align: center;\"><strong>3.<br \/>\nPflegehelfer (m\/w\/d) mit oder ohne Zertifikat; Die Hauptsache ist: Spa\u00df bei der Pflege<\/strong><\/p>\n<p style=\"text-align: center;\"><strong>4.<br \/>\nHauswirtschaftskr\u00e4fte und Reinigungskr\u00e4fte (m\/w\/d)<\/strong><\/p>\n<\/div><\/section><\/p><\/div>\n<div style='padding-bottom:10px; font-size:36px;' class='av-special-heading av-special-heading-h1  blockquote modern-quote modern-centered  avia-builder-el-69  el_after_av_one_full  el_before_av_textblock   av-inherit-size '><h1 class='av-special-heading-tag '  itemprop=\"headline\"  >Die beste Werbung sind unsere Mitarbeiter in den Einrichtungen<\/h1><div class='special-heading-border'><div class='special-heading-inner-border' ><\/div><\/div><\/div>\n<section class=\"av_textblock_section \"  itemscope=\"itemscope\" itemtype=\"https:\/\/schema.org\/CreativeWork\" ><div class='avia_textblock  '  style='font-size:14px; '  itemprop=\"text\" ><p style=\"text-align: center;\">In diesen kleinen Filmen erz\u00e4hlen Dir unsere Mitarbeiter\/-innen, warum sie in den Hausgemeinschaften Wiesentrift&#8220;, im Alten- &amp; Pflegeheim &#8222;Tannenhof&#8220; und im ambulanten Pflegedienst der &#8222;Diakoniestation Schneverdingen&#8220; arbeiten.<\/p>\n<\/div><\/section>\n<div class=\"flex_column av_one_fourth  flex_column_div av-zero-column-padding first  avia-builder-el-71  el_after_av_textblock  el_before_av_one_half  column-top-margin\" style='border-radius:0px; '><\/div>\n<div class=\"flex_column av_one_half  flex_column_div av-zero-column-padding   avia-builder-el-72  el_after_av_one_fourth  el_before_av_one_fourth  column-top-margin\" style='border-radius:0px; '><\/div>\n<div class=\"flex_column av_one_fourth  flex_column_div av-zero-column-padding   avia-builder-el-74  el_after_av_one_half  el_before_av_one_fourth  column-top-margin\" style='border-radius:0px; '><\/div>\n<div class=\"flex_column av_one_fourth  flex_column_div av-zero-column-padding first  avia-builder-el-75  el_after_av_one_fourth  el_before_av_one_half  column-top-margin\" style='border-radius:0px; '><\/div>\n<div class=\"flex_column av_one_half  flex_column_div av-zero-column-padding   avia-builder-el-76  el_after_av_one_fourth  el_before_av_hr  column-top-margin\" style='border-radius:0px; '><\/div>\n<div style=' margin-top:30px; margin-bottom:30px;'  class='hr hr-custom hr-center hr-icon-no   avia-builder-el-78  el_after_av_one_half  el_before_av_section  avia-builder-el-last  '><span class='hr-inner   inner-border-av-border-none' style=' width:50px;' ><span class='hr-inner-style'><\/span><\/span><\/div>\n<\/div><\/div><\/div><!-- close content main div --><\/div><\/div><div id='av_section_3' class='avia-section main_color avia-section-default avia-no-border-styling av-parallax-section avia-bg-style-parallax  avia-builder-el-79  el_after_av_hr  el_before_av_one_fifth    container_wrap fullsize' style=' '  data-section-bg-repeat='no-repeat'><div class='av-parallax' data-avia-parallax-ratio='0.3' ><div class='av-parallax-inner main_color  avia-full-stretch' style = 'background-repeat: no-repeat; background-image: url(https:\/\/altenpfleger-heide.de\/wp-content\/uploads\/2019\/08\/Fotolia_102401057_Subscription_Monthly_L-1500x1000.jpg);background-attachment: scroll; background-position: bottom left; ' ><\/div><\/div><div class='container' ><div class='template-page content  av-content-full alpha units'><div class='post-entry post-entry-type-page post-entry-14'><div class='entry-content-wrapper clearfix'>\n<div style=' margin-top:30px; margin-bottom:30px;'  class='hr hr-custom hr-center hr-icon-no   avia-builder-el-80  el_before_av_hr  avia-builder-el-first  '><span class='hr-inner   inner-border-av-border-none' style=' width:50px;' ><span class='hr-inner-style'><\/span><\/span><\/div>\n<div style=' margin-top:30px; margin-bottom:30px;'  class='hr hr-custom hr-center hr-icon-no   avia-builder-el-81  el_after_av_hr  el_before_av_heading  '><span class='hr-inner   inner-border-av-border-none' style=' width:50px;' ><span class='hr-inner-style'><\/span><\/span><\/div>\n<div style='padding-bottom:10px; color:#ffffff;font-size:36px;' class='av-special-heading av-special-heading-h1 custom-color-heading blockquote modern-quote modern-centered  avia-builder-el-82  el_after_av_hr  el_before_av_hr   av-inherit-size '><h1 class='av-special-heading-tag '  itemprop=\"headline\"  >Arbeiten in der L\u00fcneburger Heide als Altenpfleger, Krankenpfleger, examinierte Pflegefachkraft, Pflegeassistent oder Pflegehelfer<\/h1><div class ='av-subheading av-subheading_below av_custom_color ' style='font-size:20px;'><p>(m\/w\/d)<\/p>\n<\/div><div class='special-heading-border'><div class='special-heading-inner-border' style='border-color:#ffffff'><\/div><\/div><\/div>\n<div style=' margin-top:30px; margin-bottom:30px;'  class='hr hr-custom hr-center hr-icon-no   avia-builder-el-83  el_after_av_heading  el_before_av_hr  '><span class='hr-inner   inner-border-av-border-none' style=' width:50px;' ><span class='hr-inner-style'><\/span><\/span><\/div>\n<div style=' margin-top:30px; margin-bottom:30px;'  class='hr hr-custom hr-center hr-icon-no   avia-builder-el-84  el_after_av_hr  avia-builder-el-last  '><span class='hr-inner   inner-border-av-border-none' style=' width:50px;' ><span class='hr-inner-style'><\/span><\/span><\/div>\n<\/div><\/div><\/div><!-- close content main div --><\/div><\/div><div id='after_section_3' class='main_color av_default_container_wrap container_wrap fullsize' style=' '  ><div class='container' ><div class='template-page content  av-content-full alpha units'><div class='post-entry post-entry-type-page post-entry-14'><div class='entry-content-wrapper clearfix'>\n<div class=\"flex_column av_one_fifth  flex_column_div av-zero-column-padding first  avia-builder-el-85  el_after_av_section  el_before_av_three_fifth  avia-builder-el-first  \" style='border-radius:0px; '><\/div>\n<div class=\"flex_column av_three_fifth  flex_column_div av-zero-column-padding   avia-builder-el-86  el_after_av_one_fifth  el_before_av_hr  \" style='border-radius:0px; '><p><div style=' margin-top:30px; margin-bottom:30px;'  class='hr hr-custom hr-center hr-icon-no   avia-builder-el-87  el_before_av_heading  avia-builder-el-first  '><span class='hr-inner   inner-border-av-border-none' style=' width:50px;' ><span class='hr-inner-style'><\/span><\/span><\/div><br \/>\n<div style='padding-bottom:10px; font-size:36px;' class='av-special-heading av-special-heading-h1  blockquote modern-quote modern-centered  avia-builder-el-88  el_after_av_hr  el_before_av_textblock   av-inherit-size '><h1 class='av-special-heading-tag '  itemprop=\"headline\"  >Die perfekte Work-Life-Balance im Naturschutzgebiet L\u00fcneburger Heide mit Hamburg vor der T\u00fcr<\/h1><div class='special-heading-border'><div class='special-heading-inner-border' ><\/div><\/div><\/div><br \/>\n<section class=\"av_textblock_section \"  itemscope=\"itemscope\" itemtype=\"https:\/\/schema.org\/CreativeWork\" ><div class='avia_textblock  '   itemprop=\"text\" ><p style=\"text-align: center;\">Schneverdingen liegt sehr idyllisch im Herzen der L\u00fcneburger Heide und bietet f\u00fcr jung und alt viele verschiedene Freizeitm\u00f6glichkeiten wie z.B. Reiten, Wandern, Radfahren, Fu\u00dfballspielen und traditionelle Vereinsaktivit\u00e4ten an. Auch der Serengeti-Park oder auch der Heidepark sind direkt um die Ecke und k\u00f6nnen auch mal spontan unter der Woche mit den Kids besucht werden. Braucht man eine Runde Gro\u00dfstadt-Feeling so ist Hamburg mit seinen unz\u00e4hligen Shopping-Angeboten, dem Hafen mit der Elbphilharmonie und der Reeperbahn mit dem Auto in 40 Minuten und mit dem Zug in einer Stunde schnell erreichbar.<\/p>\n<\/div><\/section><\/p><\/div>\n<div style=' margin-top:30px; margin-bottom:30px;'  class='hr hr-custom hr-center hr-icon-yes   avia-builder-el-90  el_after_av_three_fifth  el_before_av_heading  '><span class='hr-inner   inner-border-av-border-thin' style=' width:100px; border-color:#951c80;' ><span class='hr-inner-style'><\/span><\/span><span class='av-seperator-icon'  aria-hidden='true' data-av_icon='\ue808' data-av_iconfont='entypo-fontello'><\/span><span class='hr-inner   inner-border-av-border-thin' style=' width:100px; border-color:#951c80;' ><span class='hr-inner-style'><\/span><\/span><\/div>\n<div style='padding-bottom:10px; font-size:36px;' class='av-special-heading av-special-heading-h1  blockquote modern-quote modern-centered  avia-builder-el-91  el_after_av_hr  el_before_av_hr   av-inherit-size '><h1 class='av-special-heading-tag '  itemprop=\"headline\"  >Und noch 5 Gr\u00fcnde, warum Du als Pflegekraft in unseren Einrichtungen einfach anfangen musst:<\/h1><div class='special-heading-border'><div class='special-heading-inner-border' ><\/div><\/div><\/div>\n<div style=' margin-top:30px; margin-bottom:;'  class='hr hr-custom hr-center hr-icon-no   avia-builder-el-92  el_after_av_heading  el_before_av_one_fifth  '><span class='hr-inner   inner-border-av-border-none' style=' width:50px;' ><span class='hr-inner-style'><\/span><\/span><\/div>\n<div class=\"flex_column av_one_fifth  flex_column_div av-zero-column-padding first  avia-builder-el-93  el_after_av_hr  el_before_av_three_fifth  \" style='border-radius:0px; '><\/div>\n<div class=\"flex_column av_three_fifth  flex_column_div av-zero-column-padding   avia-builder-el-94  el_after_av_one_fifth  el_before_av_hr  \" style='border-radius:0px; '><section class=\"av_textblock_section \"  itemscope=\"itemscope\" itemtype=\"https:\/\/schema.org\/CreativeWork\" ><div class='avia_textblock  '   itemprop=\"text\" ><h3 style=\"text-align: center;\"><strong>Unsere Teams<\/strong><\/h3>\n<p style=\"text-align: center;\">Unsere Pflegeteams sind ein bunter Mix aus allen Generationen und allen Gesellschaftsschichten. Von jungen Instagram-Nutzern bis hin zu alteingesessenen heimischen Zeitungslesern. Die Energie der Jungen und die Erfahrungen der \u00c4lteren sind f\u00fcr uns die Mischung, die die Pflege in unseren Einrichtungen perfekt macht. Unsere Teams arbeiten eng zusammen, tauschen sich aus oder unternehmen abseits der Arbeit gemeinsam etwas und darauf sind wir besonders stolz.<\/p>\n<h3 style=\"text-align: center;\"><strong>Fort- und Weiterbildungen in der Pflege<\/strong><\/h3>\n<p style=\"text-align: center;\">Damit keiner unserer Kolleginnen und Kollegen jemals am Ende des Lateins ankommt, bieten wir durchgehend Fort- und Weiterbildung an. Jeder kann sich nach seinem eigenen W\u00fcnschen und Vorstellungen weiterbilden.<\/p>\n<h3 style=\"text-align: center;\"><strong>Tariflohn, Zusch\u00fcsse und Bonusprogramme<\/strong><\/h3>\n<p style=\"text-align: center;\">Unterst\u00fctzung bei der Wohnungssuche, F\u00fchrerscheinzuschuss, flexible Arbeitszeiten, Fahrtkostenerstattung, Dienstwagen zur privaten Nutzung, zus\u00e4tzliche Altersvorsorge, erg\u00e4nzendes Bonusprogramm, bezahlte Weiterbildung, mindestens 30 Tage Urlaub, Verg\u00fctung nach Tarif.<\/p>\n<h3 style=\"text-align: center;\"><strong>Unsere Gesch\u00e4ftsf\u00fchrung<\/strong><\/h3>\n<p style=\"text-align: center;\">Zu der Gesch\u00e4ftsf\u00fchrung aller Einrichtungen geh\u00f6rt ein ehemaliger Profi-Fu\u00dfballspieler. Einer, der in seiner aktiven Zeit verletzt in der eigenen Reha entschied: &#8222;Ich will mich im Bereich \u201ePflege\u201c engagieren und es besser machen.&#8220; Ein Trainer der auf Mannschaftsgeist, regelm\u00e4\u00dfigen Trainings und Teambesprechungen setzt. Also: auf zur Meisterschaft!<\/p>\n<h3 style=\"text-align: center;\"><strong>Christlicher Tr\u00e4ger<\/strong><\/h3>\n<p style=\"text-align: center;\">Unser Tr\u00e4ger ist die Diakonie, deshalb verk\u00f6rpern wir christliche Werte wie Herzlichkeit, Anteilnahme und Ehrlichkeit. Wo in anderen Unternehmen Zahlen und Profit wichtig sind, wird bei uns auf Zwischenmenschlichkeit, Teamgeist und ein offenes Ohr gesetzt. Wir sind f\u00fcr einander da. Es muss bei uns niemand zum Gottesdienst oder die 10 Gebote kennen. Jeder der Spa\u00df an der Pflege hat, ist bei uns herzlich willkommen!<\/p>\n<\/div><\/section><\/div>\n<div style=' margin-top:30px; margin-bottom:30px;'  class='hr hr-custom hr-center hr-icon-no   avia-builder-el-96  el_after_av_three_fifth  el_before_av_textblock  '><span class='hr-inner   inner-border-av-border-none' style=' width:50px;' ><span class='hr-inner-style'><\/span><\/span><\/div>\n<section class=\"av_textblock_section \"  itemscope=\"itemscope\" itemtype=\"https:\/\/schema.org\/CreativeWork\" ><div class='avia_textblock  '   itemprop=\"text\" ><h3 id=\"bewerben\"><\/h3>\n<\/div><\/section>\n<div class=\"flex_column av_one_half  flex_column_div av-zero-column-padding first  avia-builder-el-98  el_after_av_textblock  el_before_av_one_half  column-top-margin\" style='border-radius:0px; '><p><div style=' margin-top:0; margin-bottom:30px;'  class='hr hr-custom hr-center hr-icon-yes   avia-builder-el-99  el_before_av_heading  avia-builder-el-first  '><span class='hr-inner   inner-border-av-border-thin' style=' width:100px; border-color:#951c80;' ><span class='hr-inner-style'><\/span><\/span><span class='av-seperator-icon'  aria-hidden='true' data-av_icon='\ue808' data-av_iconfont='entypo-fontello'><\/span><span class='hr-inner   inner-border-av-border-thin' style=' width:100px; border-color:#951c80;' ><span class='hr-inner-style'><\/span><\/span><\/div><br \/>\n<div style='padding-bottom:10px; font-size:36px;' class='av-special-heading av-special-heading-h1  blockquote modern-quote modern-centered  avia-builder-el-100  el_after_av_hr  el_before_av_textblock   av-inherit-size '><h1 class='av-special-heading-tag '  itemprop=\"headline\"  >Und wann kommst Du in unser Team?<\/h1><div class='special-heading-border'><div class='special-heading-inner-border' ><\/div><\/div><\/div><br \/>\n<section class=\"av_textblock_section \"  itemscope=\"itemscope\" itemtype=\"https:\/\/schema.org\/CreativeWork\" ><div class='avia_textblock  '   itemprop=\"text\" ><p style=\"text-align: center;\">Haben wir Dein Interesse geweckt und Du hast Lust bekommen in einer unserer Einrichtungen zu arbeiten? Dann kontaktiere uns doch ganz einfach und unkompliziert im nachfolgenden Kontaktformular oder wenn Du sofort mehr Infos haben m\u00f6chtest, kannst Du unseren Personalbeauftragten eine WhatsApp schreiben. Die Nummer sowie den kompletten Kontakt findest Du im Fu\u00df der Website. Nat\u00fcrlich kannst Du sie auch auch anrufen, spontan auf einen Kaffee in den Einrichtungen vorbeischauen oder alle anderen Kontaktm\u00f6glichkeiten wie Brief oder E-Mail nutzen.<\/p>\n<p style=\"text-align: center;\"><strong>Wir freuen uns auf Dich!<\/strong><\/p>\n<\/div><\/section><br \/>\n<div style=' margin-top:30px; margin-bottom:30px;'  class='hr hr-custom hr-center hr-icon-yes  av-desktop-hide av-medium-hide av-small-hide av-mini-hide  avia-builder-el-102  el_after_av_textblock  el_before_av_heading  '><span class='hr-inner   inner-border-av-border-thin' style=' width:100px; border-color:#951c80;' ><span class='hr-inner-style'><\/span><\/span><span class='av-seperator-icon'  aria-hidden='true' data-av_icon='\ue808' data-av_iconfont='entypo-fontello'><\/span><span class='hr-inner   inner-border-av-border-thin' style=' width:100px; border-color:#951c80;' ><span class='hr-inner-style'><\/span><\/span><\/div><br \/>\n<div style='padding-bottom:10px; ' class='av-special-heading av-special-heading-h3  blockquote modern-quote modern-centered  avia-builder-el-103  el_after_av_hr  el_before_av_textblock    av-desktop-hide av-medium-hide av-small-hide av-mini-hide'><h3 class='av-special-heading-tag '  itemprop=\"headline\"  >Unser zentraler Kontakt f\u00fcr Dich:<\/h3><div class='special-heading-border'><div class='special-heading-inner-border' ><\/div><\/div><\/div><br \/>\n<section class=\"av_textblock_section  av-desktop-hide av-medium-hide av-small-hide av-mini-hide\"  itemscope=\"itemscope\" itemtype=\"https:\/\/schema.org\/CreativeWork\" ><div class='avia_textblock  '   itemprop=\"text\" ><p style=\"text-align: center;\">Deine Ansprechpartnerin: <strong>Anne-Marie Meyer<\/strong><br \/>\nim Alten- und Pflegeheim &#8222;Tannenhof&#8220;<br \/>\nNordstr. 12-14<br \/>\n29640 Schneverdingen<br \/>\nTel.: 05193 81200<br \/>\nWhatsApp: 0173\u20095181344<br \/>\nE-Mail: <a href=\"mailto:bewerber@altenpfleger-heide.de\">bewerber@altenpfleger-heide.de<\/a><\/p>\n<\/div><\/section><\/p><\/div>\n<div class=\"flex_column av_one_half  flex_column_div   avia-builder-el-105  el_after_av_one_half  avia-builder-el-last   column-top-margin\" style='background: #e1dbd4; padding:30px; background-color:#e1dbd4; border-radius:0px; '><section class=\"av_textblock_section \"  itemscope=\"itemscope\" itemtype=\"https:\/\/schema.org\/CreativeWork\" ><div class='avia_textblock  '   itemprop=\"text\" ><p style=\"text-align: center;\"><div role=\"form\" class=\"wpcf7\" id=\"wpcf7-f132-o1\" lang=\"de-DE\" dir=\"ltr\">\n<div class=\"screen-reader-response\"><p role=\"status\" aria-live=\"polite\" aria-atomic=\"true\"><\/p> <ul><\/ul><\/div>\n<form action=\"\/index.php\/wp-json\/wp\/v2\/pages\/14#wpcf7-f132-o1\" method=\"post\" class=\"wpcf7-form init\" enctype=\"multipart\/form-data\" novalidate=\"novalidate\" data-status=\"init\">\n<div style=\"display: none;\">\n<input type=\"hidden\" name=\"_wpcf7\" value=\"132\" \/>\n<input type=\"hidden\" name=\"_wpcf7_version\" value=\"5.6.4\" \/>\n<input type=\"hidden\" name=\"_wpcf7_locale\" value=\"de_DE\" \/>\n<input type=\"hidden\" name=\"_wpcf7_unit_tag\" value=\"wpcf7-f132-o1\" \/>\n<input type=\"hidden\" name=\"_wpcf7_container_post\" value=\"0\" \/>\n<input type=\"hidden\" name=\"_wpcf7_posted_data_hash\" value=\"\" \/>\n<\/div>\n<p><label> Dein Name (Pflichtfeld)<br \/>\n    <span class=\"wpcf7-form-control-wrap\" data-name=\"dein-name\"><input type=\"text\" name=\"dein-name\" value=\"\" size=\"40\" class=\"wpcf7-form-control wpcf7-text wpcf7-validates-as-required\" aria-required=\"true\" aria-invalid=\"false\" \/><\/span> <\/label><span id=\"wpcf7-69ee0354db736-wrapper\" class=\"wpcf7-form-control-wrap Website-wrap\" style=\"display:none !important; visibility:hidden !important;\"><label for=\"wpcf7-69ee0354db736-field\" class=\"hp-message\">Bitte lasse dieses Feld leer.<\/label><input id=\"wpcf7-69ee0354db736-field\"  class=\"wpcf7-form-control wpcf7-text\" type=\"text\" name=\"Website\" value=\"\" size=\"40\" tabindex=\"-1\" autocomplete=\"new-password\" \/><\/span><\/p>\n<p><label> Deine E-Mail-Adresse (Pflichtfeld)<br \/>\n    <span class=\"wpcf7-form-control-wrap\" data-name=\"deine-mailadresse\"><input type=\"email\" name=\"deine-mailadresse\" value=\"\" size=\"40\" class=\"wpcf7-form-control wpcf7-text wpcf7-email wpcf7-validates-as-required wpcf7-validates-as-email\" aria-required=\"true\" aria-invalid=\"false\" \/><\/span> <\/label><\/p>\n<p><label> Deine Telefonnummer (Pflichtfeld)<br \/>\n   <span class=\"wpcf7-form-control-wrap\" data-name=\"deine-telefonnummer\"><input type=\"tel\" name=\"deine-telefonnummer\" value=\"\" size=\"40\" class=\"wpcf7-form-control wpcf7-text wpcf7-tel wpcf7-validates-as-required wpcf7-validates-as-tel\" aria-required=\"true\" aria-invalid=\"false\" \/><\/span> <\/label><\/p>\n<p><label> Wann k\u00f6nnen wir Dich am besten erreichen?<br \/>\n  <span class=\"wpcf7-form-control-wrap\" data-name=\"Erreichbarkeit\"><input type=\"text\" name=\"Erreichbarkeit\" value=\"\" size=\"40\" class=\"wpcf7-form-control wpcf7-text\" aria-invalid=\"false\" \/><\/span><\/label><span id=\"wpcf7-69ee0354db82b-wrapper\" class=\"wpcf7-form-control-wrap Mail-wrap\" style=\"display:none !important; visibility:hidden !important;\"><label for=\"wpcf7-69ee0354db82b-field\" class=\"hp-message\">Bitte lasse dieses Feld leer.<\/label><input id=\"wpcf7-69ee0354db82b-field\"  class=\"wpcf7-form-control wpcf7-text\" type=\"text\" name=\"Mail\" value=\"\" size=\"40\" tabindex=\"-1\" autocomplete=\"new-password\" \/><\/span><\/p>\n<p><label> Auf welche Stelle und in welcher Einrichtung m\u00f6chtest Du Dich bewerben?<br \/>\n  <span class=\"wpcf7-form-control-wrap\" data-name=\"Stellenausschreibung\"><input type=\"text\" name=\"Stellenausschreibung\" value=\"\" size=\"40\" class=\"wpcf7-form-control wpcf7-text\" aria-invalid=\"false\" \/><\/span><\/label><\/p>\n<p><label> Deine Nachricht<br \/>\n    <span class=\"wpcf7-form-control-wrap\" data-name=\"your-message\"><textarea name=\"your-message\" cols=\"40\" rows=\"10\" class=\"wpcf7-form-control wpcf7-textarea\" aria-invalid=\"false\"><\/textarea><\/span> <\/label><\/p>\n<p><label> Falls Du uns Deinen Lebenslauf schon senden m\u00f6chtest, kannst Du ihn hier hochladen. Das ist aber kein muss.<br \/>\n<span class=\"wpcf7-form-control-wrap\" data-name=\"Bewerbungsunterlagen\"><input type=\"file\" name=\"Bewerbungsunterlagen\" size=\"40\" class=\"wpcf7-form-control wpcf7-file\" accept=\".jpg,.pdf,.gif,.png\" aria-invalid=\"false\" \/><\/span> <\/label><\/p>\n<p><label>Bitte nenne uns das Ergebnis zum Versenden der Mail (Pflichtfeld) <\/p>\n<h3 style=\"text-align:center; color:#6b045c; font-weight:bold; font-size:20px;\"><span class=\"wpcf7-form-control-wrap\" data-name=\"quiz-476\"><label><span class=\"wpcf7-quiz-label\">12+9=?<\/span> <input type=\"text\" name=\"quiz-476\" size=\"40\" class=\"wpcf7-form-control wpcf7-quiz\" autocomplete=\"off\" aria-required=\"true\" aria-invalid=\"false\" \/><\/label><input type=\"hidden\" name=\"_wpcf7_quiz_answer_quiz-476\" value=\"5532fbd87fc2ba9ff428411bb6c3ed94\" \/><\/span><\/h3>\n<p><\/label><\/p>\n<p><label><br \/>\n<span class=\"wpcf7-form-control-wrap\" data-name=\"Datenschutzbestimmung\"><span class=\"wpcf7-form-control wpcf7-acceptance\"><span class=\"wpcf7-list-item\"><label><input type=\"checkbox\" name=\"Datenschutzbestimmung\" value=\"1\" aria-invalid=\"false\" \/><span class=\"wpcf7-list-item-label\">Bitte stimme zum Absenden unseren Datenschutzbestimmungen zu<\/span><\/label><\/span><\/span><\/span><\/label><\/p>\n<p><input type=\"submit\" value=\"Senden\" class=\"wpcf7-form-control has-spinner wpcf7-submit\" \/>\n<\/p><\/div>\n<div class=\"wpcf7-response-output\" aria-hidden=\"true\"><\/div><\/form><\/div><\/p>\n<\/div><\/section><\/div>\n","protected":false},"excerpt":{"rendered":"","protected":false},"author":7,"featured_media":94,"parent":0,"menu_order":0,"comment_status":"closed","ping_status":"closed","template":"","meta":[],"yoast_head":"<!-- This site is optimized with the Yoast SEO plugin v19.8 - https:\/\/yoast.com\/wordpress\/plugins\/seo\/ -->\n<title>Arbeiten als Pflegekraft station\u00e4r, ambulant | Stellenangebote | Pflege Jobs<\/title>\n<meta name=\"description\" content=\"Willst Du in der Pflege arbeiten? Starte in unseren Einrichtungen als Pflegefachkraft Altenpfleger Pflegeassistent Pflegehelfer Pflegekraft. Hast Du Interesse? WhatsApp: 0173\u20095181344\" \/>\n<meta name=\"robots\" content=\"index, follow, max-snippet:-1, max-image-preview:large, max-video-preview:-1\" \/>\n<link rel=\"canonical\" href=\"https:\/\/altenpfleger-heide.de\/index.php\/home\/\" \/>\n<meta property=\"og:locale\" content=\"de_DE\" \/>\n<meta property=\"og:type\" content=\"article\" \/>\n<meta property=\"og:title\" content=\"Arbeiten als Pflegekraft station\u00e4r, ambulant | Stellenangebote | Pflege Jobs\" \/>\n<meta property=\"og:description\" content=\"Willst Du in der Pflege arbeiten? Starte in unseren Einrichtungen als Pflegefachkraft Altenpfleger Pflegeassistent Pflegehelfer Pflegekraft. Hast Du Interesse? WhatsApp: 0173\u20095181344\" \/>\n<meta property=\"og:url\" content=\"https:\/\/altenpfleger-heide.de\/index.php\/home\/\" \/>\n<meta property=\"og:site_name\" content=\"Altenpfleger in der Heide\" \/>\n<meta property=\"article:modified_time\" content=\"2022-11-30T12:05:02+00:00\" \/>\n<meta property=\"og:image\" content=\"https:\/\/altenpfleger-heide.de\/wp-content\/uploads\/2019\/08\/altenpflege-heide-slider1.jpg\" \/>\n\t<meta property=\"og:image:width\" content=\"1800\" \/>\n\t<meta property=\"og:image:height\" content=\"1167\" \/>\n\t<meta property=\"og:image:type\" content=\"image\/jpeg\" \/>\n<meta name=\"twitter:card\" content=\"summary_large_image\" \/>\n<meta name=\"twitter:label1\" content=\"Gesch\u00e4tzte Lesezeit\" \/>\n\t<meta name=\"twitter:data1\" content=\"24 Minuten\" \/>\n<script type=\"application\/ld+json\" class=\"yoast-schema-graph\">{\"@context\":\"https:\/\/schema.org\",\"@graph\":[{\"@type\":\"WebPage\",\"@id\":\"https:\/\/altenpfleger-heide.de\/index.php\/home\/\",\"url\":\"https:\/\/altenpfleger-heide.de\/index.php\/home\/\",\"name\":\"Arbeiten als Pflegekraft station\u00e4r, ambulant | Stellenangebote | Pflege Jobs\",\"isPartOf\":{\"@id\":\"https:\/\/altenpfleger-heide.de\/#website\"},\"datePublished\":\"2019-08-20T15:10:02+00:00\",\"dateModified\":\"2022-11-30T12:05:02+00:00\",\"description\":\"Willst Du in der Pflege arbeiten? Starte in unseren Einrichtungen als Pflegefachkraft Altenpfleger Pflegeassistent Pflegehelfer Pflegekraft. Hast Du Interesse? WhatsApp: 0173\u20095181344\",\"breadcrumb\":{\"@id\":\"https:\/\/altenpfleger-heide.de\/index.php\/home\/#breadcrumb\"},\"inLanguage\":\"de-DE\",\"potentialAction\":[{\"@type\":\"ReadAction\",\"target\":[\"https:\/\/altenpfleger-heide.de\/index.php\/home\/\"]}]},{\"@type\":\"BreadcrumbList\",\"@id\":\"https:\/\/altenpfleger-heide.de\/index.php\/home\/#breadcrumb\",\"itemListElement\":[{\"@type\":\"ListItem\",\"position\":1,\"name\":\"Startseite\",\"item\":\"https:\/\/altenpfleger-heide.de\/index.php\/home\/\"},{\"@type\":\"ListItem\",\"position\":2,\"name\":\"Home\"}]},{\"@type\":\"WebSite\",\"@id\":\"https:\/\/altenpfleger-heide.de\/#website\",\"url\":\"https:\/\/altenpfleger-heide.de\/\",\"name\":\"Altenpfleger in der Heide\",\"description\":\"\",\"potentialAction\":[{\"@type\":\"SearchAction\",\"target\":{\"@type\":\"EntryPoint\",\"urlTemplate\":\"https:\/\/altenpfleger-heide.de\/?s={search_term_string}\"},\"query-input\":\"required name=search_term_string\"}],\"inLanguage\":\"de-DE\"}]}<\/script>\n<!-- \/ Yoast SEO plugin. -->","yoast_head_json":{"title":"Arbeiten als Pflegekraft station\u00e4r, ambulant | Stellenangebote | Pflege Jobs","description":"Willst Du in der Pflege arbeiten? Starte in unseren Einrichtungen als Pflegefachkraft Altenpfleger Pflegeassistent Pflegehelfer Pflegekraft. Hast Du Interesse? WhatsApp: 0173\u20095181344","robots":{"index":"index","follow":"follow","max-snippet":"max-snippet:-1","max-image-preview":"max-image-preview:large","max-video-preview":"max-video-preview:-1"},"canonical":"https:\/\/altenpfleger-heide.de\/index.php\/home\/","og_locale":"de_DE","og_type":"article","og_title":"Arbeiten als Pflegekraft station\u00e4r, ambulant | Stellenangebote | Pflege Jobs","og_description":"Willst Du in der Pflege arbeiten? Starte in unseren Einrichtungen als Pflegefachkraft Altenpfleger Pflegeassistent Pflegehelfer Pflegekraft. Hast Du Interesse? WhatsApp: 0173\u20095181344","og_url":"https:\/\/altenpfleger-heide.de\/index.php\/home\/","og_site_name":"Altenpfleger in der Heide","article_modified_time":"2022-11-30T12:05:02+00:00","og_image":[{"width":1800,"height":1167,"url":"https:\/\/altenpfleger-heide.de\/wp-content\/uploads\/2019\/08\/altenpflege-heide-slider1.jpg","type":"image\/jpeg"}],"twitter_card":"summary_large_image","twitter_misc":{"Gesch\u00e4tzte Lesezeit":"24 Minuten"},"schema":{"@context":"https:\/\/schema.org","@graph":[{"@type":"WebPage","@id":"https:\/\/altenpfleger-heide.de\/index.php\/home\/","url":"https:\/\/altenpfleger-heide.de\/index.php\/home\/","name":"Arbeiten als Pflegekraft station\u00e4r, ambulant | Stellenangebote | Pflege Jobs","isPartOf":{"@id":"https:\/\/altenpfleger-heide.de\/#website"},"datePublished":"2019-08-20T15:10:02+00:00","dateModified":"2022-11-30T12:05:02+00:00","description":"Willst Du in der Pflege arbeiten? Starte in unseren Einrichtungen als Pflegefachkraft Altenpfleger Pflegeassistent Pflegehelfer Pflegekraft. Hast Du Interesse? WhatsApp: 0173\u20095181344","breadcrumb":{"@id":"https:\/\/altenpfleger-heide.de\/index.php\/home\/#breadcrumb"},"inLanguage":"de-DE","potentialAction":[{"@type":"ReadAction","target":["https:\/\/altenpfleger-heide.de\/index.php\/home\/"]}]},{"@type":"BreadcrumbList","@id":"https:\/\/altenpfleger-heide.de\/index.php\/home\/#breadcrumb","itemListElement":[{"@type":"ListItem","position":1,"name":"Startseite","item":"https:\/\/altenpfleger-heide.de\/index.php\/home\/"},{"@type":"ListItem","position":2,"name":"Home"}]},{"@type":"WebSite","@id":"https:\/\/altenpfleger-heide.de\/#website","url":"https:\/\/altenpfleger-heide.de\/","name":"Altenpfleger in der Heide","description":"","potentialAction":[{"@type":"SearchAction","target":{"@type":"EntryPoint","urlTemplate":"https:\/\/altenpfleger-heide.de\/?s={search_term_string}"},"query-input":"required name=search_term_string"}],"inLanguage":"de-DE"}]}},"_links":{"self":[{"href":"https:\/\/altenpfleger-heide.de\/index.php\/wp-json\/wp\/v2\/pages\/14"}],"collection":[{"href":"https:\/\/altenpfleger-heide.de\/index.php\/wp-json\/wp\/v2\/pages"}],"about":[{"href":"https:\/\/altenpfleger-heide.de\/index.php\/wp-json\/wp\/v2\/types\/page"}],"author":[{"embeddable":true,"href":"https:\/\/altenpfleger-heide.de\/index.php\/wp-json\/wp\/v2\/users\/7"}],"replies":[{"embeddable":true,"href":"https:\/\/altenpfleger-heide.de\/index.php\/wp-json\/wp\/v2\/comments?post=14"}],"version-history":[{"count":167,"href":"https:\/\/altenpfleger-heide.de\/index.php\/wp-json\/wp\/v2\/pages\/14\/revisions"}],"predecessor-version":[{"id":742,"href":"https:\/\/altenpfleger-heide.de\/index.php\/wp-json\/wp\/v2\/pages\/14\/revisions\/742"}],"wp:featuredmedia":[{"embeddable":true,"href":"https:\/\/altenpfleger-heide.de\/index.php\/wp-json\/wp\/v2\/media\/94"}],"wp:attachment":[{"href":"https:\/\/altenpfleger-heide.de\/index.php\/wp-json\/wp\/v2\/media?parent=14"}],"curies":[{"name":"wp","href":"https:\/\/api.w.org\/{rel}","templated":true}]}}